{"id":36,"date":"2021-06-02T07:42:58","date_gmt":"2021-06-02T07:42:58","guid":{"rendered":"http:\/\/tesyarisma.org\/2022_2\/home\/"},"modified":"2022-02-03T12:20:25","modified_gmt":"2022-02-03T12:20:25","slug":"home","status":"publish","type":"page","link":"https:\/\/tesyarisma.org\/2022_2\/","title":{"rendered":"Ana Sayfa"},"content":{"rendered":"\n\n\n\n\n\n<p><br><\/p>\n\n\n\n\n\n\n\n\n\n<h4>Yar\u0131\u015fman\u0131n Konusu<br><\/h4>\nVefal\u0131 \u00fcyelerinin omuzlar\u0131nda y\u00fckselmi\u015f b\u00fcy\u00fck bir m\u00fccadeleyle bu g\u00fcnlere gelmi\u015ftir T\u00fcrk E\u011fitim Sen. Emek ve \u00fclke i\u00e7in ortaya konan gayretlerin, v\u00fccuda getirdi\u011fi T\u00fcrk E\u011fitim Sen, kurulu\u015funun 30. y\u0131l\u0131n\u0131 idrak etmektedir. Sendikal m\u00fccadelenin y\u00fcz ak\u0131 olan sendikam\u0131z; dostlu\u011fun, karde\u015fli\u011fin, hak m\u00fccadelesinin, b\u00fcy\u00fck ve m\u00fcreffeh T\u00fcrkiye idealinin otuz y\u0131la yay\u0131lm\u0131\u015f hik\u00e2yesidir. Kurucular\u0131, \u00fcyeleri, temsilcileri ve y\u00f6neticileriyle samimiyet ve m\u00fccadele azmini yans\u0131tan ac\u0131 tatl\u0131 binlerce hat\u0131ra, sendikal m\u00fccadele tarihimizin en k\u0131ymetli sayfalar\u0131na; h\u00fcz\u00fcn, tebess\u00fcm, keder, inan\u00e7, azim ve onur s\u00f6zc\u00fckleriyle yaz\u0131lm\u0131\u015ft\u0131r. \nT\u00fcrk E\u011fitim Sen\u2019in \u00e7\u00f6z\u00fcm\u00fcne \u00f6nc\u00fcl\u00fck etmi\u015f oldu\u011fu sorunlar\u0131n tespiti ve sonuca ula\u015fmas\u0131na y\u00f6nelik \u00f6nemli fikirlerin do\u011fu\u015funu, \u00fclkemizdeki e\u011fitim \u00e7al\u0131\u015fanlar\u0131n\u0131n sendikal m\u00fccadelesinde ilklerin ortaya \u00e7\u0131k\u0131\u015f\u0131n\u0131, T\u00fcrk e\u011fitimi ile ilgili sendikal kimlikle \u00f6ne \u00e7\u0131karm\u0131\u015f oldu\u011fumuz yakla\u015f\u0131mlar\u0131 i\u00e7eren hat\u0131ralar bu yar\u0131\u015fman\u0131n konusudur. An\u0131lar\u0131n kaleme al\u0131nmas\u0131, te\u015fkilat mensuplar\u0131m\u0131z\u0131n, \u00fcyelerimizin ve g\u00f6n\u00fcll\u00fclerimizin dima\u011f\u0131ndan s\u00fcz\u00fclen unutulmayan anlar\u0131n yar\u0131\u015fma yoluyla toplanmas\u0131 neticesinde kal\u0131c\u0131 bir eser ortaya \u00e7\u0131kar\u0131lacakt\u0131r. T\u00fcrk E\u011fitim Sen\u2019in tarihinde m\u00fcstesna bir yer edinecek bu eser ile nerden geldi\u011fimizi nas\u0131l bu g\u00fcnleri elde etti\u011fimizi gelecek nesillere ta\u015f\u0131mak bizim i\u00e7in b\u00fcy\u00fck bir onur olacakt\u0131r.\n<h4>Yar\u0131\u015fman\u0131n Amac\u0131<br><\/h4>\nT\u00fcrkiye\u2019nin en etkili sendikas\u0131 T\u00fcrk E\u011fitim Sen; e\u011fitim \u00e7al\u0131\u015fanlar\u0131n\u0131n sorun ve taleplerine \u00e7\u00f6z\u00fcm \u00fcretirken, muhataplar\u0131na \u00f6neri sunarken; \u00fcyesinden, i\u015f yeri temsilcisine, il\u00e7e ba\u015fkan\u0131ndan, \u015fube y\u00f6neticisine, \u015fube ba\u015fkan\u0131ndan, genel merkez y\u00f6neticisine ve genel ba\u015fkan\u0131na kadar \u00f6z verili gayretlerin neticesinde, otuzuncu y\u0131l\u0131n\u0131 kutlaman\u0131n hakl\u0131 gururunu ya\u015f\u0131yor. \nSendikal m\u00fccadelede \u201cYa bir yol bulaca\u011f\u0131z ya bir yol a\u00e7aca\u011f\u0131z..!\u201d \u015fiar\u0131yla hareket eden T\u00fcrk E\u011fitim Sen\u2019in y\u0131lmaz \u00fcyeleri ve y\u00f6neticileri bu s\u00fcre\u00e7te de tebess\u00fcm ve \u00f6zlemle hat\u0131rlanacak, sendikam\u0131z\u0131n tarihine \u0131\u015f\u0131k tutaca\u011f\u0131na inand\u0131\u011f\u0131m\u0131z an\u0131lar\u0131 da dima\u011flar\u0131nda ta\u015f\u0131maktad\u0131r. \nSendikam\u0131z, hen\u00fcz yasal bir alt yap\u0131ya kavu\u015fmam\u0131\u015fken, \u00fcyelerimizin s\u0131n\u0131rl\u0131 imk\u00e2nlar ile ba\u015flatm\u0131\u015f olduklar\u0131 m\u00fccadele, destans\u0131 bir azim ve emek ile bu g\u00fcnlere gelmi\u015ftir.\nBirlikte y\u00fcr\u00fcn\u00fclen yollar, miting meydanlar\u0131nda ki ortak heyecanlar, payla\u015f\u0131lan simitler, gelece\u011fe dair umutlar unutulamayacak \u015fanl\u0131 bir maziyi in\u015fa etmi\u015ftir. \u0130\u015fte bu s\u00fcrecin unutulmamas\u0131 h\u00fcz\u00fcnleri ve mutluluklar\u0131 i\u00e7erisinde bar\u0131nd\u0131ran samimi hat\u0131ralar\u0131n kay\u0131tlara ge\u00e7mesi sendikam\u0131z\u0131n tarihi ve kurumsal kimli\u011fi a\u00e7\u0131s\u0131ndan b\u00fcy\u00fck \u00f6nem ta\u015f\u0131maktad\u0131r. \nGe\u00e7mi\u015ften gelece\u011fe biz oldu\u011fumuz 250 bin \u00fcyeli T\u00fcrk E\u011fitim-Sen ailesinin; k\u0131ymetli an\u0131lar\u0131, e\u011fitim \u00e7al\u0131\u015fanlar\u0131n\u0131n mesleki, sendikal duygular\u0131 ve hak arama m\u00fccadelesinde T\u00fcrk E\u011fitim Sen\u2019i i\u00e7eren hat\u0131rlar ile unutulmayan anlar\u0131n  gelece\u011fe ta\u015f\u0131nmas\u0131 bu yar\u0131\u015fman\u0131n en \u00f6nemli amac\u0131d\u0131r. \nBu yar\u0131\u015fma sayesinde, sendikal m\u00fccadeleye dair T\u00fcrk E\u011fitim Sen\u2019in s\u00f6zl\u00fc tarihinin yan\u0131nda, T\u00fcrk memur sendikac\u0131l\u0131\u011f\u0131n\u0131n, e\u011fitim \u00e7al\u0131\u015fanlar\u0131n\u0131n hak arama m\u00fccadelesinin son 30 y\u0131l\u0131 hakk\u0131nda da \u00f6nemli bir terkip ortaya konulmas\u0131 da ama\u00e7lanmaktad\u0131r.\n\n<p> All the Lorem Ipsum generators on the Internet tend to repeat predefined chunks as necessary<\/p>\n\n\n\n\n\n\n\n","protected":false},"excerpt":{"rendered":"","protected":false},"author":1,"featured_media":0,"parent":0,"menu_order":0,"comment_status":"closed","ping_status":"closed","template":"","meta":{"footnotes":""},"class_list":["post-36","page","type-page","status-publish","hentry"],"_links":{"self":[{"href":"https:\/\/tesyarisma.org\/2022_2\/wp-json\/wp\/v2\/pages\/36","targetHints":{"allow":["GET"]}}],"collection":[{"href":"https:\/\/tesyarisma.org\/2022_2\/wp-json\/wp\/v2\/pages"}],"about":[{"href":"https:\/\/tesyarisma.org\/2022_2\/wp-json\/wp\/v2\/types\/page"}],"author":[{"embeddable":true,"href":"https:\/\/tesyarisma.org\/2022_2\/wp-json\/wp\/v2\/users\/1"}],"replies":[{"embeddable":true,"href":"https:\/\/tesyarisma.org\/2022_2\/wp-json\/wp\/v2\/comments?post=36"}],"version-history":[{"count":23,"href":"https:\/\/tesyarisma.org\/2022_2\/wp-json\/wp\/v2\/pages\/36\/revisions"}],"predecessor-version":[{"id":232,"href":"https:\/\/tesyarisma.org\/2022_2\/wp-json\/wp\/v2\/pages\/36\/revisions\/232"}],"wp:attachment":[{"href":"https:\/\/tesyarisma.org\/2022_2\/wp-json\/wp\/v2\/media?parent=36"}],"curies":[{"name":"wp","href":"https:\/\/api.w.org\/{rel}","templated":true}]}}